{"id":1478,"date":"2015-09-08T12:46:03","date_gmt":"2015-09-08T12:46:03","guid":{"rendered":"http:\/\/pitch.select-themes.com\/?page_id=1478"},"modified":"2023-04-10T19:08:28","modified_gmt":"2023-04-10T17:08:28","slug":"photographie","status":"publish","type":"page","link":"https:\/\/anaiscallens.com\/comm-ca\/photographie\/","title":{"rendered":"Photographie de studio ou en reportage"},"content":{"rendered":"<div class=\"wpb-content-wrapper\"><p>[vc_row row_type=\u00a0\u00bbrow\u00a0\u00bb use_row_as_full_screen_section=\u00a0\u00bbno\u00a0\u00bb type=\u00a0\u00bbgrid\u00a0\u00bb text_align=\u00a0\u00bbleft\u00a0\u00bb padding_top=\u00a0\u00bb35&Prime; padding_bottom=\u00a0\u00bb34&Prime; css_animation=\u00a0\u00bb\u00a0\u00bb box_shadow_on_row=\u00a0\u00bbno\u00a0\u00bb oblique_section=\u00a0\u00bbno\u00a0\u00bb triangle_shape=\u00a0\u00bbno\u00a0\u00bb][vc_column offset=\u00a0\u00bbvc_col-md-6 vc_col-xs-12&Prime;][vc_column_text]<\/p>\n<h6><span style=\"color: #d5d5d5;\">Notre service<\/span><\/h6>\n<p>[\/vc_column_text][vc_column_text]<\/p>\n<h3>La Culture de la Cr\u00e9ativit\u00e9<\/h3>\n<p>[\/vc_column_text][vc_separator type=\u00a0\u00bbtransparent\u00a0\u00bb up=\u00a0\u00bb21&Prime; up_style=\u00a0\u00bbpx\u00a0\u00bb down=\u00a0\u00bb0&Prime; down_style=\u00a0\u00bbpx\u00a0\u00bb][vc_column_text]Afin de pouvoir r\u00e9pondre au mieux \u00e0 vos besoins, la production photographique et audiovisuelle est assur\u00e9e par notre photographe professionnelle, b\u00e9n\u00e9ficiant de ses comp\u00e9tences et de son exp\u00e9rience.[\/vc_column_text][vc_separator type=\u00a0\u00bbtransparent\u00a0\u00bb up=\u00a0\u00bb29&Prime; up_style=\u00a0\u00bbpx\u00a0\u00bb down=\u00a0\u00bb0&Prime; down_style=\u00a0\u00bbpx\u00a0\u00bb][vc_column_text]<\/p>\n<h6><span style=\"color: #d5d5d5;\">Dans nos bureaux<\/span><\/h6>\n<p>[\/vc_column_text][vc_column_text]<\/p>\n<h3>Notre studio<\/h3>\n<p>[\/vc_column_text][vc_separator type=\u00a0\u00bbtransparent\u00a0\u00bb up=\u00a0\u00bb21&Prime; up_style=\u00a0\u00bbpx\u00a0\u00bb down=\u00a0\u00bb0&Prime; down_style=\u00a0\u00bbpx\u00a0\u00bb][vc_column_text]La prise de vue peut se faire dans notre studio de 50m2 bas\u00e9 \u00e0 Helchin, nous sommes \u00e9quip\u00e9s d&rsquo;\u00e9clairages et de multiples supports.<br \/>\nLes finalit\u00e9s sont multiples :<\/p>\n<ul style=\"list-style-type: none; padding-left: 20px;\">\n<li>&#8211; photographie pour l&rsquo;<strong>e-commerce<\/strong> : photographie publicitaire d\u2019objets &#8211; Packshot,<\/li>\n<li>&#8211; <strong>portraits<\/strong> : valorisation par jeux de lumi\u00e8res,<\/li>\n<li>&#8211; <strong>shooting de produits<\/strong> : sur fond neutre pour d\u00e9tourage ou mis en situation avec d\u00e9cors pour catalogues, sites de vente en ligne, pr\u00eat-\u00e0-porter\u2026,<\/li>\n<li>&#8211; <strong>retouche photos<\/strong> : retrait des d\u00e9fauts, \u00e9quilibrage, am\u00e9lioration des contrastes et de la nettet\u00e9, suppression des couleurs dominantes, recadrage,&#8230;<\/li>\n<\/ul>\n<p>[\/vc_column_text][vc_separator type=\u00a0\u00bbtransparent\u00a0\u00bb up=\u00a0\u00bb40&Prime; up_style=\u00a0\u00bbpx\u00a0\u00bb down=\u00a0\u00bb0&Prime; down_style=\u00a0\u00bbpx\u00a0\u00bb][\/vc_column][vc_column offset=\u00a0\u00bbvc_col-md-6 vc_col-xs-12&Prime;][vc_single_image image=\u00a0\u00bb58053&Prime; img_size=\u00a0\u00bbfull\u00a0\u00bb qode_hover_animation=\u00a0\u00bb\u00a0\u00bb qode_css_animation=\u00a0\u00bb\u00a0\u00bb][vc_separator type=\u00a0\u00bbtransparent\u00a0\u00bb up=\u00a0\u00bb40&Prime; up_style=\u00a0\u00bbpx\u00a0\u00bb down=\u00a0\u00bb0&Prime; down_style=\u00a0\u00bbpx\u00a0\u00bb][\/vc_column][\/vc_row][vc_row row_type=\u00a0\u00bbrow\u00a0\u00bb use_row_as_full_screen_section=\u00a0\u00bbno\u00a0\u00bb type=\u00a0\u00bbgrid\u00a0\u00bb text_align=\u00a0\u00bbcenter\u00a0\u00bb padding_bottom=\u00a0\u00bb52&Prime; css_animation=\u00a0\u00bb\u00a0\u00bb box_shadow_on_row=\u00a0\u00bbno\u00a0\u00bb oblique_section=\u00a0\u00bbno\u00a0\u00bb triangle_shape=\u00a0\u00bbno\u00a0\u00bb][vc_column width=\u00a0\u00bb1\/2&Prime;][vc_gallery type=\u00a0\u00bbimage_grid\u00a0\u00bb images=\u00a0\u00bb58055,58056&Prime; img_size=\u00a0\u00bbfull\u00a0\u00bb column_number=\u00a0\u00bb2&Prime; grayscale=\u00a0\u00bbno\u00a0\u00bb background_hover_color=\u00a0\u00bbrgba(22,23,29,0.8)\u00a0\u00bb hover_icon=\u00a0\u00bbplus\u00a0\u00bb images_space=\u00a0\u00bbgallery_with_space\u00a0\u00bb][\/vc_column][vc_column width=\u00a0\u00bb1\/2&Prime;]<a href=\"http:\/\/www.anaiscallens.com\/photographies\/\" target=\"_blank\"  class=\"qbutton  qbutton_with_icon icon_right\" style=\"padding: 0 10px; margin: 40px 0px 0px 0px; \">Vers portfolio de notre photographe<span aria-hidden=\"true\" class=\"qode_icon_font_elegant icon_camera button_icon\" style=\"margin-left: 10px; width: auto\" ><\/span><\/a>[\/vc_column][\/vc_row][vc_row row_type=\u00a0\u00bbrow\u00a0\u00bb use_row_as_full_screen_section=\u00a0\u00bbno\u00a0\u00bb type=\u00a0\u00bbgrid\u00a0\u00bb text_align=\u00a0\u00bbleft\u00a0\u00bb padding_top=\u00a0\u00bb40&Prime; padding_bottom=\u00a0\u00bb26&Prime; css_animation=\u00a0\u00bb\u00a0\u00bb box_shadow_on_row=\u00a0\u00bbno\u00a0\u00bb oblique_section=\u00a0\u00bbno\u00a0\u00bb triangle_shape=\u00a0\u00bbno\u00a0\u00bb][vc_column offset=\u00a0\u00bbvc_col-md-6 vc_col-xs-12&Prime;][vc_video link=\u00a0\u00bbhttps:\/\/www.youtube.com\/watch?v=wQwVYDhAmng\u00a0\u00bb][vc_separator type=\u00a0\u00bbtransparent\u00a0\u00bb up=\u00a0\u00bb40&Prime; up_style=\u00a0\u00bbpx\u00a0\u00bb down=\u00a0\u00bb0&Prime; down_style=\u00a0\u00bbpx\u00a0\u00bb][\/vc_column][vc_column offset=\u00a0\u00bbvc_col-md-6 vc_col-xs-12&Prime;][vc_column_text]<\/p>\n<h6><span style=\"color: #d5d5d5;\">En entreprise<\/span><\/h6>\n<p>[\/vc_column_text][vc_separator type=\u00a0\u00bbtransparent\u00a0\u00bb up=\u00a0\u00bb-7&Prime; up_style=\u00a0\u00bbpx\u00a0\u00bb down=\u00a0\u00bb0&Prime; down_style=\u00a0\u00bbpx\u00a0\u00bb][vc_column_text]<\/p>\n<h3>Reportage et \u00e9v\u00e9nements<\/h3>\n<p>[\/vc_column_text][vc_separator type=\u00a0\u00bbtransparent\u00a0\u00bb up=\u00a0\u00bb21&Prime; up_style=\u00a0\u00bbpx\u00a0\u00bb down=\u00a0\u00bb0&Prime; down_style=\u00a0\u00bbpx\u00a0\u00bb][vc_column_text]Nous r\u00e9alisons aussi les prises de vue sur le terrain : en reportage afin de pr\u00e9senter votre entreprise, ou pour immortaliser vos \u00e9v\u00e9nements (inauguration, congr\u00e8s, s\u00e9minaire,\u2026), notre photographe s&rsquo;adapte \u00e0 toutes les configurations et couvre tous types de manifestations.[\/vc_column_text][vc_separator type=\u00a0\u00bbtransparent\u00a0\u00bb up=\u00a0\u00bb32&Prime; up_style=\u00a0\u00bbpx\u00a0\u00bb down=\u00a0\u00bb0&Prime; down_style=\u00a0\u00bbpx\u00a0\u00bb][vc_gallery type=\u00a0\u00bbimage_grid\u00a0\u00bb images=\u00a0\u00bb58060,58062,58063&Prime; img_size=\u00a0\u00bbfull\u00a0\u00bb column_number=\u00a0\u00bb3&Prime; grayscale=\u00a0\u00bbno\u00a0\u00bb background_hover_color=\u00a0\u00bbrgba(22,23,29,0.8)\u00a0\u00bb hover_icon=\u00a0\u00bbplus\u00a0\u00bb images_space=\u00a0\u00bbgallery_with_space\u00a0\u00bb][vc_separator type=\u00a0\u00bbtransparent\u00a0\u00bb up=\u00a0\u00bb40&Prime; up_style=\u00a0\u00bbpx\u00a0\u00bb down=\u00a0\u00bb0&Prime; down_style=\u00a0\u00bbpx\u00a0\u00bb][\/vc_column][\/vc_row][vc_row row_type=\u00a0\u00bbrow\u00a0\u00bb use_row_as_full_screen_section=\u00a0\u00bbno\u00a0\u00bb type=\u00a0\u00bbgrid\u00a0\u00bb text_align=\u00a0\u00bbleft\u00a0\u00bb padding_top=\u00a0\u00bb40&Prime; padding_bottom=\u00a0\u00bb26&Prime; css_animation=\u00a0\u00bb\u00a0\u00bb box_shadow_on_row=\u00a0\u00bbno\u00a0\u00bb oblique_section=\u00a0\u00bbno\u00a0\u00bb triangle_shape=\u00a0\u00bbno\u00a0\u00bb][vc_column width=\u00a0\u00bb1\/2&Prime; offset=\u00a0\u00bbvc_col-md-6 vc_col-xs-12&Prime;][vc_column_text]<\/p>\n<h6><span style=\"color: #d5d5d5;\">Sur le terrain<\/span><\/h6>\n<div id=\"ConnectiveDocSignExtentionInstalled\" data-extension-version=\"1.0.4\"><\/div>\n<p>[\/vc_column_text][vc_separator type=\u00a0\u00bbtransparent\u00a0\u00bb up=\u00a0\u00bb-7&Prime; up_style=\u00a0\u00bbpx\u00a0\u00bb down=\u00a0\u00bb0&Prime; down_style=\u00a0\u00bbpx\u00a0\u00bb][vc_column_text]<\/p>\n<h3>Shooting drone<\/h3>\n<div id=\"ConnectiveDocSignExtentionInstalled\" data-extension-version=\"1.0.4\"><\/div>\n<p>[\/vc_column_text][vc_separator type=\u00a0\u00bbtransparent\u00a0\u00bb up=\u00a0\u00bb21&Prime; up_style=\u00a0\u00bbpx\u00a0\u00bb down=\u00a0\u00bb0&Prime; down_style=\u00a0\u00bbpx\u00a0\u00bb][vc_column_text]Les images photo et vid\u00e9o avec un drone offrent des possibilit\u00e9s illimit\u00e9es : sous tous les angles possibles, bas ou haut, de loin ou de pr\u00e8s&#8230; Nous recherchons la meilleure composition pour booster votre film publicitaire, de pr\u00e9sentation ou d&rsquo;entreprise. Une fa\u00e7on originale de faire passer imm\u00e9diatement votre film d&rsquo;entreprise, film \u00e9v\u00e9nementiel, &#8230; \u00e0 un niveau sup\u00e9rieur !<\/p>\n<div id=\"ConnectiveDocSignExtentionInstalled\" data-extension-version=\"1.0.4\"><\/div>\n<p>[\/vc_column_text][vc_separator type=\u00a0\u00bbtransparent\u00a0\u00bb up=\u00a0\u00bb40&Prime; up_style=\u00a0\u00bbpx\u00a0\u00bb down=\u00a0\u00bb0&Prime; down_style=\u00a0\u00bbpx\u00a0\u00bb][vc_gallery type=\u00a0\u00bbimage_grid\u00a0\u00bb images=\u00a0\u00bb58653,58651&Prime; img_size=\u00a0\u00bbfull\u00a0\u00bb column_number=\u00a0\u00bb2&Prime; grayscale=\u00a0\u00bbno\u00a0\u00bb background_hover_color=\u00a0\u00bbrgba(22,23,29,0.8)\u00a0\u00bb hover_icon=\u00a0\u00bbplus\u00a0\u00bb images_space=\u00a0\u00bbgallery_with_space\u00a0\u00bb][vc_separator type=\u00a0\u00bbtransparent\u00a0\u00bb up=\u00a0\u00bb32&Prime; up_style=\u00a0\u00bbpx\u00a0\u00bb down=\u00a0\u00bb0&Prime; down_style=\u00a0\u00bbpx\u00a0\u00bb][\/vc_column][vc_column width=\u00a0\u00bb1\/2&Prime; offset=\u00a0\u00bbvc_col-md-6 vc_col-xs-12&Prime;][vc_video link=\u00a0\u00bbhttps:\/\/youtu.be\/a64DNHtwTX8&Prime; align=\u00a0\u00bbcenter\u00a0\u00bb][vc_separator type=\u00a0\u00bbtransparent\u00a0\u00bb up=\u00a0\u00bb40&Prime; up_style=\u00a0\u00bbpx\u00a0\u00bb down=\u00a0\u00bb0&Prime; down_style=\u00a0\u00bbpx\u00a0\u00bb][\/vc_column][\/vc_row]<\/p>\n<\/div>","protected":false},"excerpt":{"rendered":"<p>[vc_row row_type=\u00a0\u00bbrow\u00a0\u00bb use_row_as_full_screen_section=\u00a0\u00bbno\u00a0\u00bb type=\u00a0\u00bbgrid\u00a0\u00bb text_align=\u00a0\u00bbleft\u00a0\u00bb padding_top=\u00a0\u00bb35&Prime; padding_bottom=\u00a0\u00bb34&Prime; css_animation=\u00a0\u00bb\u00a0\u00bb box_shadow_on_row=\u00a0\u00bbno\u00a0\u00bb oblique_section=\u00a0\u00bbno\u00a0\u00bb triangle_shape=\u00a0\u00bbno\u00a0\u00bb][vc_column offset=\u00a0\u00bbvc_col-md-6 vc_col-xs-12&Prime;][vc_column_text] Notre service [\/vc_column_text][vc_column_text] La Culture de la Cr\u00e9ativit\u00e9 [\/vc_column_text][vc_separator type=\u00a0\u00bbtransparent\u00a0\u00bb up=\u00a0\u00bb21&Prime; up_style=\u00a0\u00bbpx\u00a0\u00bb down=\u00a0\u00bb0&Prime; down_style=\u00a0\u00bbpx\u00a0\u00bb][vc_column_text]Afin de pouvoir r\u00e9pondre au mieux \u00e0 vos besoins, la production photographique et audiovisuelle est assur\u00e9e par notre photographe&#8230;<\/p>\n","protected":false},"author":1,"featured_media":0,"parent":0,"menu_order":0,"comment_status":"closed","ping_status":"closed","template":"full_width.php","meta":{"footnotes":""},"class_list":["post-1478","page","type-page","status-publish","hentry"],"_links":{"self":[{"href":"https:\/\/anaiscallens.com\/comm-ca\/wp-json\/wp\/v2\/pages\/1478","targetHints":{"allow":["GET"]}}],"collection":[{"href":"https:\/\/anaiscallens.com\/comm-ca\/wp-json\/wp\/v2\/pages"}],"about":[{"href":"https:\/\/anaiscallens.com\/comm-ca\/wp-json\/wp\/v2\/types\/page"}],"author":[{"embeddable":true,"href":"https:\/\/anaiscallens.com\/comm-ca\/wp-json\/wp\/v2\/users\/1"}],"replies":[{"embeddable":true,"href":"https:\/\/anaiscallens.com\/comm-ca\/wp-json\/wp\/v2\/comments?post=1478"}],"version-history":[{"count":31,"href":"https:\/\/anaiscallens.com\/comm-ca\/wp-json\/wp\/v2\/pages\/1478\/revisions"}],"predecessor-version":[{"id":58730,"href":"https:\/\/anaiscallens.com\/comm-ca\/wp-json\/wp\/v2\/pages\/1478\/revisions\/58730"}],"wp:attachment":[{"href":"https:\/\/anaiscallens.com\/comm-ca\/wp-json\/wp\/v2\/media?parent=1478"}],"curies":[{"name":"wp","href":"https:\/\/api.w.org\/{rel}","templated":true}]}}